{"id":344,"date":"2024-01-25T13:19:09","date_gmt":"2024-01-25T12:19:09","guid":{"rendered":"https:\/\/decoratel-textilhospital.com\/es\/?page_id=344"},"modified":"2024-12-10T07:55:09","modified_gmt":"2024-12-10T06:55:09","slug":"cortinas-bano","status":"publish","type":"page","link":"https:\/\/decoratel-textilhospital.com\/es\/cortinas-bano\/","title":{"rendered":"Cortinas de ba\u00f1o"},"content":{"rendered":"<p>[et_pb_section fb_built=\u00bb1&#8243; admin_label=\u00bbsection\u00bb _builder_version=\u00bb4.16&#8243; custom_padding=\u00bb30px||50px||false|false\u00bb global_colors_info=\u00bb{}\u00bb][et_pb_row disabled_on=\u00bbon|on|on\u00bb admin_label=\u00bbrow\u00bb _builder_version=\u00bb4.21.0&#8243; background_color=\u00bb#cc3300&#8243; background_image=\u00bbhttps:\/\/decoratel-textilhospital.com\/es\/wp-content\/uploads\/sites\/5\/2020\/03\/virus.png\u00bb background_size=\u00bbinitial\u00bb background_position=\u00bbtop_right\u00bb max_width=\u00bb1500px\u00bb custom_padding=\u00bb0px||0px||false|false\u00bb border_width_all=\u00bb6px\u00bb disabled=\u00bbon\u00bb global_colors_info=\u00bb{}\u00bb][et_pb_column type=\u00bb4_4&#8243; _builder_version=\u00bb4.16&#8243; custom_padding=\u00bb40px|25px|40px|25px|true|true\u00bb global_colors_info=\u00bb{}\u00bb custom_padding__hover=\u00bb|||\u00bb][et_pb_text admin_label=\u00bbPrecio y envio\u00bb _builder_version=\u00bb4.16&#8243; header_font=\u00bb|800||on|||||\u00bb header_text_align=\u00bbcenter\u00bb header_text_color=\u00bb#ffcc00&#8243; header_font_size=\u00bb36px\u00bb text_orientation=\u00bbjustified\u00bb custom_margin=\u00bb||20px||false|false\u00bb custom_padding=\u00bb0px||0px||false|false\u00bb header_font_size_tablet=\u00bb30px\u00bb header_font_size_phone=\u00bb24px\u00bb header_font_size_last_edited=\u00bbon|phone\u00bb global_colors_info=\u00bb{}\u00bb]<\/p>\n<h1>\u00a1Atenci\u00f3n!<\/br \/>Especial Coronavirus<\/h1>\n<p>[\/et_pb_text][et_pb_text _builder_version=\u00bb4.16&#8243; text_text_color=\u00bb#ffcc00&#8243; text_orientation=\u00bbcenter\u00bb background_layout=\u00bbdark\u00bb module_alignment=\u00bbcenter\u00bb global_colors_info=\u00bb{}\u00bb]<\/p>\n<p>Para ofrecer una mayor respuesta a la creciente y urgente demanda de nuestros productos, ante la pandemia sufrida por el COVID-19.<br \/>\nDecoratelESPA\u00d1A ha ampliado su capacidad industrial y personal, que le permite fabricar y enviar pedidos de hasta <span style=\"color: #fff; font-weight: 700;\">100 cortinas en 48 horas<\/span> a cualquier punto del pa\u00eds.<\/p>\n<p>[\/et_pb_text][\/et_pb_column][\/et_pb_row][et_pb_row admin_label=\u00bbrow\u00bb _builder_version=\u00bb4.16&#8243; background_size=\u00bbinitial\u00bb background_position=\u00bbtop_left\u00bb background_repeat=\u00bbrepeat\u00bb max_width=\u00bb1500px\u00bb custom_padding=\u00bb0px||0px||false|false\u00bb global_colors_info=\u00bb{}\u00bb][et_pb_column type=\u00bb4_4&#8243; _builder_version=\u00bb4.16&#8243; custom_padding=\u00bb40px|25px|40px|25px|true|true\u00bb global_colors_info=\u00bb{}\u00bb custom_padding__hover=\u00bb|||\u00bb][et_pb_text admin_label=\u00bbPrecio y envio\u00bb _builder_version=\u00bb4.21.0&#8243; header_font=\u00bb|600|||||||\u00bb header_text_align=\u00bbcenter\u00bb text_orientation=\u00bbjustified\u00bb custom_padding=\u00bb0px||0px||false|false\u00bb global_colors_info=\u00bb{}\u00bb]<\/p>\n<h1>Cortinas de ba\u00f1o ign\u00edfugas<\/h1>\n<p>[\/et_pb_text][\/et_pb_column][\/et_pb_row][et_pb_row column_structure=\u00bb1_3,1_3,1_3&#8243; make_equal=\u00bbon\u00bb admin_label=\u00bbrow\u00bb _builder_version=\u00bb4.21.0&#8243; background_size=\u00bbinitial\u00bb background_position=\u00bbtop_left\u00bb background_repeat=\u00bbrepeat\u00bb max_width=\u00bb1500px\u00bb custom_padding=\u00bb5px||||false|false\u00bb global_colors_info=\u00bb{}\u00bb][et_pb_column type=\u00bb1_3&#8243; _builder_version=\u00bb4.16&#8243; custom_padding=\u00bb40px|25px|40px|25px|true|true\u00bb hover_enabled=\u00bb0&#8243; border_width_all=\u00bb2px\u00bb border_color_all=\u00bb#008080&#8243; global_colors_info=\u00bb{}\u00bb custom_padding__hover=\u00bb|||\u00bb sticky_enabled=\u00bb0&#8243;][et_pb_text admin_label=\u00bbNombre\u00bb _builder_version=\u00bb4.21.0&#8243; text_orientation=\u00bbcenter\u00bb hover_enabled=\u00bb0&#8243; global_colors_info=\u00bb{}\u00bb sticky_enabled=\u00bb0&#8243;]<strong>Mod. Anillas pre cortadas<\/strong><br \/>\nColocaci\u00f3n y desmontaje<br \/>sin necesidad de retirar la barra[\/et_pb_text][et_pb_image src=\u00bbhttps:\/\/decoratel-textilhospital.com\/es\/wp-content\/uploads\/sites\/5\/2024\/01\/cortina-bano-anillas-pre-cortadas-2.jpg\u00bb title_text=\u00bbcortina-bano-anillas-pre-cortadas\u00bb url=\u00bbhttps:\/\/decoratel-textilhospital.com\/es\/producto\/modelo-anillas-precortadas\/\u00bb _builder_version=\u00bb4.21.0&#8243; global_colors_info=\u00bb{}\u00bb][\/et_pb_image][et_pb_text admin_label=\u00bbPrecio y envio\u00bb _builder_version=\u00bb4.21.0&#8243; text_orientation=\u00bbcenter\u00bb global_colors_info=\u00bb{}\u00bb]<\/p>\n<p><precio>41\u20ac<\/precio> env\u00edo gratis<br \/>Entrega 5\/10 d\u00edas<\/p>\n<p>[\/et_pb_text][et_pb_button button_url=\u00bbhttps:\/\/decoratel-textilhospital.com\/es\/producto\/modelo-anillas-precortadas\/\u00bb button_text=\u00bbComprar\u00bb button_alignment=\u00bbcenter\u00bb _builder_version=\u00bb4.21.0&#8243; custom_button=\u00bbon\u00bb button_text_color=\u00bb#000000&#8243; button_bg_use_color_gradient=\u00bbon\u00bb button_bg_color_gradient_stops=\u00bb#ffca00 46%|#ff8c00 100%\u00bb button_bg_color_gradient_start=\u00bb#ffca00&#8243; button_bg_color_gradient_start_position=\u00bb46%\u00bb button_bg_color_gradient_end=\u00bb#ff8c00&#8243; button_border_width=\u00bb1px\u00bb button_border_color=\u00bb#f57b1f\u00bb button_border_radius=\u00bb10px\u00bb button_font=\u00bb|700|||||||\u00bb button_icon=\u00bb&#x24;||divi||400&#8243; button_icon_placement=\u00bbleft\u00bb global_colors_info=\u00bb{}\u00bb][\/et_pb_button][et_pb_image src=\u00bbhttps:\/\/decoratel-textilhospital.com\/es\/wp-content\/uploads\/sites\/5\/2019\/12\/logo-pagos.png\u00bb align=\u00bbcenter\u00bb admin_label=\u00bbLogos pago\u00bb _builder_version=\u00bb4.16&#8243; width=\u00bb65%\u00bb global_colors_info=\u00bb{}\u00bb][\/et_pb_image][\/et_pb_column][et_pb_column type=\u00bb1_3&#8243; _builder_version=\u00bb4.16&#8243; custom_padding=\u00bb40px|25px|40px|25px|true|true\u00bb border_width_all=\u00bb2px\u00bb border_color_all=\u00bb#008080&#8243; global_colors_info=\u00bb{}\u00bb custom_padding__hover=\u00bb|||\u00bb][et_pb_text admin_label=\u00bbNombre\u00bb _builder_version=\u00bb4.21.0&#8243; text_orientation=\u00bbcenter\u00bb hover_enabled=\u00bb0&#8243; global_colors_info=\u00bb{}\u00bb sticky_enabled=\u00bb0&#8243;]<strong>Mod. Ollado peque\u00f1o<\/strong><br \/>\nSistema tradicional para<br \/>insertar anillas de PVC[\/et_pb_text][et_pb_image src=\u00bbhttps:\/\/decoratel-textilhospital.com\/es\/wp-content\/uploads\/sites\/5\/2024\/01\/cortina-bano-anillas-2.jpg\u00bb title_text=\u00bbcortina-bano-anillas\u00bb url=\u00bbhttps:\/\/decoratel-textilhospital.com\/es\/producto\/modelo-ollado-pequeno\/\u00bb _builder_version=\u00bb4.21.0&#8243; global_colors_info=\u00bb{}\u00bb][\/et_pb_image][et_pb_text admin_label=\u00bbPrecio y envio\u00bb _builder_version=\u00bb4.21.0&#8243; text_orientation=\u00bbcenter\u00bb global_colors_info=\u00bb{}\u00bb]<\/p>\n<p><precio>42\u20ac<\/precio> env\u00edo gratis<br \/>Entrega 5\/10 d\u00edas<\/p>\n<p>[\/et_pb_text][et_pb_button button_url=\u00bbhttps:\/\/decoratel-textilhospital.com\/es\/producto\/modelo-ollado-pequeno\/\u00bb button_text=\u00bbComprar\u00bb button_alignment=\u00bbcenter\u00bb _builder_version=\u00bb4.21.0&#8243; custom_button=\u00bbon\u00bb button_text_color=\u00bb#000000&#8243; button_bg_use_color_gradient=\u00bbon\u00bb button_bg_color_gradient_stops=\u00bb#ffca00 46%|#ff8c00 100%\u00bb button_bg_color_gradient_start=\u00bb#ffca00&#8243; button_bg_color_gradient_start_position=\u00bb46%\u00bb button_bg_color_gradient_end=\u00bb#ff8c00&#8243; button_border_width=\u00bb1px\u00bb button_border_color=\u00bb#f57b1f\u00bb button_border_radius=\u00bb10px\u00bb button_font=\u00bb|700|||||||\u00bb button_icon=\u00bb&#x24;||divi||400&#8243; button_icon_placement=\u00bbleft\u00bb global_colors_info=\u00bb{}\u00bb][\/et_pb_button][et_pb_image src=\u00bbhttps:\/\/decoratel-textilhospital.com\/es\/wp-content\/uploads\/sites\/5\/2019\/12\/logo-pagos.png\u00bb align=\u00bbcenter\u00bb admin_label=\u00bbLogos pago\u00bb _builder_version=\u00bb4.16&#8243; width=\u00bb65%\u00bb global_colors_info=\u00bb{}\u00bb][\/et_pb_image][\/et_pb_column][et_pb_column type=\u00bb1_3&#8243; _builder_version=\u00bb4.16&#8243; custom_padding=\u00bb40px|25px|40px|25px|true|true\u00bb border_width_all=\u00bb2px\u00bb border_color_all=\u00bb#008080&#8243; global_colors_info=\u00bb{}\u00bb custom_padding__hover=\u00bb|||\u00bb][et_pb_text admin_label=\u00bbNombre\u00bb _builder_version=\u00bb4.21.0&#8243; text_orientation=\u00bbcenter\u00bb hover_enabled=\u00bb0&#8243; global_colors_info=\u00bb{}\u00bb sticky_enabled=\u00bb0&#8243;]<strong>Mod. Cinta de frunce<\/strong><br \/>\nEstilo cl\u00e1sico fruncido con<br \/>ganchos en la cinta trasera[\/et_pb_text][et_pb_image src=\u00bbhttps:\/\/decoratel-textilhospital.com\/es\/wp-content\/uploads\/sites\/5\/2024\/01\/cortina-bano-frunce-2.jpg\u00bb title_text=\u00bbcortina-bano-frunce\u00bb url=\u00bbhttps:\/\/decoratel-textilhospital.com\/es\/producto\/modelo-cinta-frunce\/\u00bb _builder_version=\u00bb4.21.0&#8243; global_colors_info=\u00bb{}\u00bb][\/et_pb_image][et_pb_text admin_label=\u00bbPrecio y envio\u00bb _builder_version=\u00bb4.21.0&#8243; text_orientation=\u00bbcenter\u00bb global_colors_info=\u00bb{}\u00bb]<\/p>\n<p><precio>44\u20ac<\/precio> env\u00edo gratis<br \/>Entrega en 5\/10 d\u00edas<\/p>\n<p>[\/et_pb_text][et_pb_button button_url=\u00bbhttps:\/\/decoratel-textilhospital.com\/es\/producto\/modelo-cinta-frunce\/\u00bb button_text=\u00bbComprar\u00bb button_alignment=\u00bbcenter\u00bb _builder_version=\u00bb4.21.0&#8243; custom_button=\u00bbon\u00bb button_text_color=\u00bb#000000&#8243; button_bg_use_color_gradient=\u00bbon\u00bb button_bg_color_gradient_stops=\u00bb#ffca00 46%|#ff8c00 100%\u00bb button_bg_color_gradient_start=\u00bb#ffca00&#8243; button_bg_color_gradient_start_position=\u00bb46%\u00bb button_bg_color_gradient_end=\u00bb#ff8c00&#8243; button_border_width=\u00bb1px\u00bb button_border_color=\u00bb#f57b1f\u00bb button_border_radius=\u00bb10px\u00bb button_font=\u00bb|700|||||||\u00bb button_icon=\u00bb&#x24;||divi||400&#8243; button_icon_placement=\u00bbleft\u00bb global_colors_info=\u00bb{}\u00bb][\/et_pb_button][et_pb_image src=\u00bbhttps:\/\/decoratel-textilhospital.com\/es\/wp-content\/uploads\/sites\/5\/2019\/12\/logo-pagos.png\u00bb align=\u00bbcenter\u00bb admin_label=\u00bbLogos pago\u00bb _builder_version=\u00bb4.16&#8243; width=\u00bb65%\u00bb global_colors_info=\u00bb{}\u00bb][\/et_pb_image][\/et_pb_column][\/et_pb_row][et_pb_row admin_label=\u00bbrow\u00bb _builder_version=\u00bb4.16&#8243; background_size=\u00bbinitial\u00bb background_position=\u00bbtop_left\u00bb background_repeat=\u00bbrepeat\u00bb max_width=\u00bb1500px\u00bb custom_padding=\u00bb10px||||false|false\u00bb global_colors_info=\u00bb{}\u00bb][et_pb_column type=\u00bb4_4&#8243; _builder_version=\u00bb4.16&#8243; custom_padding=\u00bb40px|25px|40px|25px|true|true\u00bb global_colors_info=\u00bb{}\u00bb custom_padding__hover=\u00bb|||\u00bb][et_pb_text admin_label=\u00bbPrecio y envio\u00bb _builder_version=\u00bb4.21.0&#8243; header_font=\u00bb|600|||||||\u00bb header_text_align=\u00bbcenter\u00bb header_2_font=\u00bb|600|||||||\u00bb header_2_text_align=\u00bbcenter\u00bb text_orientation=\u00bbjustified\u00bb custom_margin=\u00bb||30px|||\u00bb global_colors_info=\u00bb{}\u00bb]<\/p>\n<h2>Cortinas de ba\u00f1o Vrethom<\/h2>\n<p>[\/et_pb_text][et_pb_text admin_label=\u00bbPrecio y envio\u00bb _builder_version=\u00bb4.21.0&#8243; link_font=\u00bb|700|||||||\u00bb link_text_color=\u00bb#008080&#8243; text_orientation=\u00bbjustified\u00bb global_colors_info=\u00bb{}\u00bb]<\/p>\n<p>Las cortinas de ba\u00f1o Vrethom est\u00e1n especialmente indicadas para uso intenso en diferentes sectores p\u00fablicos y privados. Ya que es una de las pocas cortinas de ba\u00f1o ignifuga del mercado, y por lo tanto homologadas para el cumplimiento de las normativas vigentes europeas. Especial para hospitales, residencias y vestuarios entre otros.<\/p>\n<p>Adem\u00e1s, es la \u00fanica cortina de ba\u00f1o que posee certificaci\u00f3n IMO MED 96\/98\/CE SOLAS. Por lo que est\u00e1n igualmente indicadas para barcos,. Ya sean barcos de crucero, mercantes o buques de guerra entre otros. La cortina de ba\u00f1o con certificado IMO para barcos, posee el sello tim\u00f3n que las hace apta para embarcaciones de todo tipo.<\/p>\n<p>Certificado de garant\u00eda y calidad OEKO-TEX\u00ae m\u00e1s detalle <a href=\"https:\/\/decoratel-textilhospital.com\/es\/oeko-tex\/\" target=\"_blank\" rel=\"noopener\">aqu\u00ed<\/a>&#8230;<\/p>\n<p>[\/et_pb_text][\/et_pb_column][\/et_pb_row][\/et_pb_section]<\/p>\n","protected":false},"excerpt":{"rendered":"<p>\u00a1Atenci\u00f3n!Especial CoronavirusPara ofrecer una mayor respuesta a la creciente y urgente demanda de nuestros productos, ante la pandemia sufrida por el COVID-19. DecoratelESPA\u00d1A ha ampliado su capacidad industrial y personal, que le permite fabricar y enviar pedidos de hasta 100 cortinas en 48 horas a cualquier punto del pa\u00eds.Cortinas de ba\u00f1o ign\u00edfugasMod. Anillas pre cortadas [&hellip;]<\/p>\n","protected":false},"author":2,"featured_media":0,"parent":0,"menu_order":0,"comment_status":"closed","ping_status":"closed","template":"","meta":{"_et_pb_use_builder":"on","_et_pb_old_content":"","_et_gb_content_width":"","_joinchat":[],"footnotes":""},"class_list":["post-344","page","type-page","status-publish","hentry"],"_links":{"self":[{"href":"https:\/\/decoratel-textilhospital.com\/es\/wp-json\/wp\/v2\/pages\/344","targetHints":{"allow":["GET"]}}],"collection":[{"href":"https:\/\/decoratel-textilhospital.com\/es\/wp-json\/wp\/v2\/pages"}],"about":[{"href":"https:\/\/decoratel-textilhospital.com\/es\/wp-json\/wp\/v2\/types\/page"}],"author":[{"embeddable":true,"href":"https:\/\/decoratel-textilhospital.com\/es\/wp-json\/wp\/v2\/users\/2"}],"replies":[{"embeddable":true,"href":"https:\/\/decoratel-textilhospital.com\/es\/wp-json\/wp\/v2\/comments?post=344"}],"version-history":[{"count":13,"href":"https:\/\/decoratel-textilhospital.com\/es\/wp-json\/wp\/v2\/pages\/344\/revisions"}],"predecessor-version":[{"id":531,"href":"https:\/\/decoratel-textilhospital.com\/es\/wp-json\/wp\/v2\/pages\/344\/revisions\/531"}],"wp:attachment":[{"href":"https:\/\/decoratel-textilhospital.com\/es\/wp-json\/wp\/v2\/media?parent=344"}],"curies":[{"name":"wp","href":"https:\/\/api.w.org\/{rel}","templated":true}]}}